{"id":1228,"date":"2022-11-21T15:06:53","date_gmt":"2022-11-21T14:06:53","guid":{"rendered":"http:\/\/laperlerh.com\/?page_id=1228"},"modified":"2023-02-02T14:23:03","modified_gmt":"2023-02-02T13:23:03","slug":"les-mentions-legales","status":"publish","type":"page","link":"http:\/\/laperlerh.com\/index.php\/les-mentions-legales\/","title":{"rendered":"Les mentions l\u00e9gales"},"content":{"rendered":"\n<p><\/p>\n\n\n\n<h3>\u00c9diteur du site<\/h3>\n\n\n\n<p>Le pr\u00e9sent site est \u00e9dit\u00e9, h\u00e9berg\u00e9 et g\u00e9r\u00e9 par la soci\u00e9t\u00e9 La Perle RH, immatricul\u00e9e sous le SIREN 802188136, dont le si\u00e8ge social est situ\u00e9 au 2 bis Rue Martin Choisy, 34090 MONTPELLIER. Elle est sp\u00e9cialis\u00e9e dans le secteur d&#8217;activit\u00e9 conseil pour les affaires et autres conseils de gestion.<\/p>\n\n\n\n<h4>Directeur de la publication :<\/h4>\n\n\n\n<p>MME LEMAHIEU H\u00e9l\u00e8ne, Pr\u00e9sidente<br>T\u00e9l\u00e9phone :&nbsp;&nbsp;+33 09 53 61 73 78<br>Email :&nbsp;contact@laperlerh.com<br>N\u00b0 TVA intracommunautaire : FR46802188136<\/p>\n\n\n\n<h4>H\u00e9bergeur :<\/h4>\n\n\n\n<p>Site h\u00e9berg\u00e9 par Scaleway.<\/p>\n\n\n\n<h3>Conditions d\u2019utilisation<\/h3>\n\n\n\n<p>L\u2019utilisation du pr\u00e9sent site implique l\u2019acceptation pleine et enti\u00e8re des conditions g\u00e9n\u00e9rales d\u2019utilisation d\u00e9crites ci-apr\u00e8s. Ces conditions d\u2019utilisation sont susceptibles d\u2019\u00eatre modifi\u00e9es ou compl\u00e9t\u00e9es \u00e0 tout moment.<\/p>\n\n\n\n<h4>Informations<\/h4>\n\n\n\n<p>Les informations et documents du site sont pr\u00e9sent\u00e9s \u00e0 titre indicatif, sans de caract\u00e8re exhaustif, et ne peuvent engager la responsabilit\u00e9 du propri\u00e9taire du site.<\/p>\n\n\n\n<p>Le propri\u00e9taire du site ne peut \u00eatre tenu responsable des dommages directs et indirects cons\u00e9cutifs \u00e0 l\u2019acc\u00e8s au site.<\/p>\n\n\n\n<h4>Interactivit\u00e9<\/h4>\n\n\n\n<p>Les utilisateurs du site peuvent y d\u00e9poser du contenu, apparaissant sur le site dans des espaces d\u00e9di\u00e9s (notamment via les commentaires). Le contenu d\u00e9pos\u00e9 reste sous la responsabilit\u00e9 de leurs auteurs, qui en assument pleinement l\u2019enti\u00e8re responsabilit\u00e9 juridique.<\/p>\n\n\n\n<p>Le propri\u00e9taire du site se r\u00e9serve n\u00e9anmoins le droit de retirer sans pr\u00e9avis et sans justification tout contenu d\u00e9pos\u00e9 par les utilisateurs qui ne satisferait pas \u00e0 la charte d\u00e9ontologique du site ou \u00e0 la l\u00e9gislation en vigueur.<\/p>\n\n\n\n<h4>Propri\u00e9t\u00e9 intellectuelle<\/h4>\n\n\n\n<p>Sauf mention contraire, tous les \u00e9l\u00e9ments accessibles sur le site (textes, images, graphismes, logo, ic\u00f4nes, sons, logiciels, etc.) restent la propri\u00e9t\u00e9 exclusive de leurs auteurs, en ce qui concerne les droits de propri\u00e9t\u00e9 intellectuelle ou les droits d\u2019usage.<\/p>\n\n\n\n<p>Toute reproduction, repr\u00e9sentation, modification, publication, adaptation de tout ou partie des \u00e9l\u00e9ments du site, quel que soit le moyen ou le proc\u00e9d\u00e9 utilis\u00e9, est interdite, sauf autorisation \u00e9crite pr\u00e9alable de l\u2019auteur.<\/p>\n\n\n\n<p>Toute exploitation non autoris\u00e9e du site ou de l\u2019un quelconque des \u00e9l\u00e9ments qu\u2019il contient est consid\u00e9r\u00e9e comme constitutive d\u2019une contrefa\u00e7on et passible de poursuites.<\/p>\n\n\n\n<p>Les marques et logos reproduits sur le site sont d\u00e9pos\u00e9s par les soci\u00e9t\u00e9s qui en sont propri\u00e9taires.<\/p>\n\n\n\n<h3>Liens<\/h3>\n\n\n\n<p><strong>Liens sortants<\/strong><br>Le propri\u00e9taire du site d\u00e9cline toute responsabilit\u00e9 et n\u2019est pas engag\u00e9 par le r\u00e9f\u00e9rencement via des liens hypertextes, de ressources tierces pr\u00e9sentes sur le r\u00e9seau Internet, tant en ce qui concerne leur contenu que leur pertinence.<\/p>\n\n\n\n<p><strong>Liens entrants<\/strong><br>Le propri\u00e9taire du site autorise les liens hypertextes vers l\u2019une des pages de ce site, \u00e0 condition que ceux-ci ouvrent une nouvelle fen\u00eatre et soient pr\u00e9sent\u00e9s de mani\u00e8re non \u00e9quivoque afin d\u2019\u00e9viter :<\/p>\n\n\n\n<ul>\n<li>tout risque de confusion entre le site citant et le propri\u00e9taire du site<\/li>\n\n\n\n<li>ainsi que toute pr\u00e9sentation tendancieuse, ou contraire aux lois en vigueur.<\/li>\n<\/ul>\n\n\n\n<p>Le propri\u00e9taire du site se r\u00e9serve le droit de demander la suppression d\u2019un lien s\u2019il estime que le site source ne respecte pas les r\u00e8gles ainsi d\u00e9finies.<\/p>\n\n\n\n<h3>Confidentialit\u00e9<\/h3>\n\n\n\n<p>Tout utilisateur dispose d\u2019un droit d\u2019acc\u00e8s, de rectification et d\u2019opposition aux donn\u00e9es personnelles le concernant, en effectuant sa demande \u00e9crite et sign\u00e9e, accompagn\u00e9e d\u2019une preuve d\u2019identit\u00e9.<\/p>\n\n\n\n<p>Le site ne recueille pas d\u2019informations personnelles, et n\u2019est pas assujetti \u00e0 d\u00e9claration \u00e0 la CNIL. (Remplac\u00e9 par les disposition de la RGPD)<\/p>\n\n\n\n<ul>\n<li>Politique de confidentialit\u00e9 : se r\u00e9f\u00e9rer \u00e0 la page Politique de Confidentialit\u00e9<\/li>\n\n\n\n<li>Politique de cookies : se r\u00e9f\u00e9rer \u00e0 la page Politique des Cookies<\/li>\n<\/ul>\n","protected":false},"excerpt":{"rendered":"<p>\u00c9diteur du site Le pr\u00e9sent site est \u00e9dit\u00e9, h\u00e9berg\u00e9 et g\u00e9r\u00e9 par la soci\u00e9t\u00e9 La Perle RH, immatricul\u00e9e sous le SIREN 802188136, dont le si\u00e8ge social est situ\u00e9 au 2 bis Rue Martin Choisy, 34090 MONTPELLIER. Elle est sp\u00e9cialis\u00e9e dans le secteur d&#8217;activit\u00e9 conseil pour les affaires et autres conseils [&hellip;]<\/p>\n","protected":false},"author":1,"featured_media":0,"parent":0,"menu_order":0,"comment_status":"closed","ping_status":"closed","template":"","meta":[],"_links":{"self":[{"href":"http:\/\/laperlerh.com\/index.php\/wp-json\/wp\/v2\/pages\/1228"}],"collection":[{"href":"http:\/\/laperlerh.com\/index.php\/wp-json\/wp\/v2\/pages"}],"about":[{"href":"http:\/\/laperlerh.com\/index.php\/wp-json\/wp\/v2\/types\/page"}],"author":[{"embeddable":true,"href":"http:\/\/laperlerh.com\/index.php\/wp-json\/wp\/v2\/users\/1"}],"replies":[{"embeddable":true,"href":"http:\/\/laperlerh.com\/index.php\/wp-json\/wp\/v2\/comments?post=1228"}],"version-history":[{"count":7,"href":"http:\/\/laperlerh.com\/index.php\/wp-json\/wp\/v2\/pages\/1228\/revisions"}],"predecessor-version":[{"id":2004,"href":"http:\/\/laperlerh.com\/index.php\/wp-json\/wp\/v2\/pages\/1228\/revisions\/2004"}],"wp:attachment":[{"href":"http:\/\/laperlerh.com\/index.php\/wp-json\/wp\/v2\/media?parent=1228"}],"curies":[{"name":"wp","href":"https:\/\/api.w.org\/{rel}","templated":true}]}}